{"id":1054,"date":"2016-11-06T13:13:57","date_gmt":"2016-11-06T13:13:57","guid":{"rendered":"http:\/\/www.adeg-pleschberger.at\/2015\/?page_id=1054"},"modified":"2018-09-08T21:11:48","modified_gmt":"2018-09-08T21:11:48","slug":"zirbenprodukte","status":"publish","type":"page","link":"https:\/\/www.adeg-pleschberger.at\/2015\/sortiment\/zirbenprodukte\/","title":{"rendered":"Zirbenprodukte"},"content":{"rendered":"<p style=\"text-align: justify;\"><a href=\"http:\/\/www.adeg-pleschberger.at\/2015\/wp-content\/uploads\/2016\/11\/HEADER-Zirbe-2.png\"><img loading=\"lazy\" decoding=\"async\" class=\"alignleft size-full wp-image-1140\" src=\"http:\/\/www.adeg-pleschberger.at\/2015\/wp-content\/uploads\/2016\/11\/HEADER-Zirbe-2.png\" alt=\"header-zirbe-2\" width=\"1600\" height=\"750\" srcset=\"https:\/\/www.adeg-pleschberger.at\/2015\/wp-content\/uploads\/2016\/11\/HEADER-Zirbe-2.png 1600w, https:\/\/www.adeg-pleschberger.at\/2015\/wp-content\/uploads\/2016\/11\/HEADER-Zirbe-2-300x141.png 300w, https:\/\/www.adeg-pleschberger.at\/2015\/wp-content\/uploads\/2016\/11\/HEADER-Zirbe-2-1024x480.png 1024w\" sizes=\"auto, (max-width: 1600px) 100vw, 1600px\" \/><\/a><\/p>\n<p style=\"text-align: justify;\"><strong>Die Zirbe: K\u00f6nigin der Alpen<\/strong><\/p>\n<p style=\"text-align: justify;\">Positive Auswirkungen auf Kreislauf, Schlafbefinden und vegetative Regulation \u2013 die <strong>bioaktiven Kr\u00e4fte der Zirbe<\/strong> werden schon seit Jahrhunderten gesch\u00e4tzt und genutzt. Ob als <strong>\u00e4therisches \u00d6l<\/strong>, <strong>regenerierende Creme<\/strong> oder <strong>wohlriechendes Duftkissen<\/strong> wird das <strong>regionale Zirbenholz<\/strong> zu hochwertigen Produkten verarbeitet.<\/p>\n<p style=\"text-align: justify;\">In unseren Filialen f\u00fchren wir eine breite Produktpalette an\u00a0<strong>Zirben-\u00d6l<\/strong>, <strong>-Cremen<\/strong>, <strong>-Duftkissen, -Sprays<\/strong> und <strong>-Schn\u00e4pse <\/strong>von \u00f6sterreichischen Produzenten:<\/p>\n<p style=\"text-align: justify;\"><a href=\"http:\/\/www.adeg-pleschberger.at\/2015\/wp-content\/uploads\/2016\/11\/Zirbenprodukte.png\"><img loading=\"lazy\" decoding=\"async\" class=\"aligncenter size-large wp-image-1471\" src=\"http:\/\/www.adeg-pleschberger.at\/2015\/wp-content\/uploads\/2016\/11\/Zirbenprodukte-1024x768.png\" alt=\"Zirbenprodukte\" width=\"690\" height=\"518\" srcset=\"https:\/\/www.adeg-pleschberger.at\/2015\/wp-content\/uploads\/2016\/11\/Zirbenprodukte-1024x768.png 1024w, https:\/\/www.adeg-pleschberger.at\/2015\/wp-content\/uploads\/2016\/11\/Zirbenprodukte-300x225.png 300w, https:\/\/www.adeg-pleschberger.at\/2015\/wp-content\/uploads\/2016\/11\/Zirbenprodukte.png 1200w\" sizes=\"auto, (max-width: 690px) 100vw, 690px\" \/><\/a><\/p>\n<div id=\"envira-gallery-wrap-801\" class=\"envira-gallery-wrap envira-gallery-theme-base envira-lightbox-theme-base\"><div id=\"envira-gallery-801\" class=\"envira-gallery-public envira-gallery-2-columns envira-clear isotope\" data-envira-columns=\"2\"><div id=\"envira-gallery-item-951\" class=\"envira-gallery-item isotope-item envira-gallery-item-1\" style=\"margin-bottom: 10px;\" ><a href=\"http:\/\/www.zirmquell.com\/\" class=\"envira-gallery-801 envira-gallery-link\" rel=\"enviragallery801\" title=\"&lt;p&gt;zirmquell-plain-2&lt;\/p&gt;\" data-thumbnail=\"\"><img decoding=\"async\" id=\"envira-gallery-image-951\" class=\"envira-gallery-image envira-gallery-preload envira-gallery-image-1\" src=\"https:\/\/www.adeg-pleschberger.at\/2015\/wp-content\/plugins\/envira-gallery-lite\/assets\/css\/images\/holder.gif\" data-envira-src=\"https:\/\/www.adeg-pleschberger.at\/2015\/wp-content\/uploads\/2016\/06\/zirmquell-plain-2.png\" alt=\"Zirmquell ADEG Pleschberger\" title=\"&lt;p&gt;zirmquell-plain-2&lt;\/p&gt;\"  \/><\/a><\/div><div id=\"envira-gallery-item-944\" class=\"envira-gallery-item isotope-item envira-gallery-item-2\" style=\"margin-bottom: 10px;\" ><a href=\"http:\/\/www.emil.co.at\/erzeugung-und-produkte\/\" class=\"envira-gallery-801 envira-gallery-link\" rel=\"enviragallery801\" title=\"&lt;p&gt;emil&lt;\/p&gt;\" data-thumbnail=\"\"><img decoding=\"async\" id=\"envira-gallery-image-944\" class=\"envira-gallery-image envira-gallery-preload envira-gallery-image-2\" src=\"https:\/\/www.adeg-pleschberger.at\/2015\/wp-content\/plugins\/envira-gallery-lite\/assets\/css\/images\/holder.gif\" data-envira-src=\"https:\/\/www.adeg-pleschberger.at\/2015\/wp-content\/uploads\/2016\/06\/emil1.png\" alt=\"Emil Zirbenschnaps ADEG Pleschberger\" title=\"&lt;p&gt;emil&lt;\/p&gt;\"  \/><\/a><\/div><div id=\"envira-gallery-item-947\" class=\"envira-gallery-item isotope-item envira-gallery-item-3\" style=\"margin-bottom: 10px;\" ><a href=\"http:\/\/www.unterweger-wellness.com\/de\/\" class=\"envira-gallery-801 envira-gallery-link\" rel=\"enviragallery801\" title=\"&lt;p&gt;unterweger&lt;\/p&gt;\" data-thumbnail=\"\"><img decoding=\"async\" id=\"envira-gallery-image-947\" class=\"envira-gallery-image envira-gallery-preload envira-gallery-image-3\" src=\"https:\/\/www.adeg-pleschberger.at\/2015\/wp-content\/plugins\/envira-gallery-lite\/assets\/css\/images\/holder.gif\" data-envira-src=\"https:\/\/www.adeg-pleschberger.at\/2015\/wp-content\/uploads\/2016\/06\/unterweger1.png\" alt=\"Unterweger Zirben ADEG Pleschberger\" title=\"&lt;p&gt;unterweger&lt;\/p&gt;\"  \/><\/a><\/div><div id=\"envira-gallery-item-945\" class=\"envira-gallery-item isotope-item envira-gallery-item-4\" style=\"margin-bottom: 10px;\" ><a href=\"https:\/\/himmelgruen.at\/de\" class=\"envira-gallery-801 envira-gallery-link\" rel=\"enviragallery801\" title=\"&lt;p&gt;himmelgruen&lt;\/p&gt;\" data-thumbnail=\"\"><img decoding=\"async\" id=\"envira-gallery-image-945\" class=\"envira-gallery-image envira-gallery-preload envira-gallery-image-4\" src=\"https:\/\/www.adeg-pleschberger.at\/2015\/wp-content\/plugins\/envira-gallery-lite\/assets\/css\/images\/holder.gif\" data-envira-src=\"https:\/\/www.adeg-pleschberger.at\/2015\/wp-content\/uploads\/2016\/06\/Himmelgruen1.png\" alt=\"Himmelgr\u00fcn Zirben ADEG Pleschberger\" title=\"&lt;p&gt;himmelgruen&lt;\/p&gt;\"  \/><\/a><\/div><div id=\"envira-gallery-item-946\" class=\"envira-gallery-item isotope-item envira-gallery-item-5\" style=\"margin-bottom: 10px;\" ><a href=\"http:\/\/www.oups.com\/shop\/oups\/naturwelt\/zirbenkissen.html\" class=\"envira-gallery-801 envira-gallery-link\" rel=\"enviragallery801\" title=\"&lt;p&gt;oups-png&lt;\/p&gt;\" data-thumbnail=\"\"><img decoding=\"async\" id=\"envira-gallery-image-946\" class=\"envira-gallery-image envira-gallery-preload envira-gallery-image-5\" src=\"https:\/\/www.adeg-pleschberger.at\/2015\/wp-content\/plugins\/envira-gallery-lite\/assets\/css\/images\/holder.gif\" data-envira-src=\"https:\/\/www.adeg-pleschberger.at\/2015\/wp-content\/uploads\/2016\/06\/oups-png1.png\" alt=\"Oups Zirbe ADEG Pleschberger\" title=\"&lt;p&gt;oups-png&lt;\/p&gt;\"  \/><\/a><\/div><\/div><\/div>\n<p>&nbsp;<\/p>\n<p><strong>\u201eSalzburg \u2013 meine Heimat\u201c<\/strong><\/p>\n<p style=\"text-align: justify;\">Unter diesem Motto nahm unsere Mitarbeiterin Helene Rest an dem Gestaltungswettbewerb <strong>&#8222;Junior Merchandising Champion 2016&#8220;<\/strong> der Landesberufsschule Tamsweg teil.<\/p>\n<p style=\"text-align: justify;\">Mit ihrer <strong>Warenpr\u00e4sentation \u00fcber <a class=\"_58cn\" href=\"https:\/\/www.facebook.com\/hashtag\/zirbenprodukte?source=feed_text&amp;story_id=1213807158650779\" data-ft=\"{&quot;tn&quot;:&quot;*N&quot;,&quot;type&quot;:104}\"><span class=\"_58cl\">\u202a<\/span><\/a> Zirbenprodukte<\/strong> in der <strong>Filiale Mauterndorf<\/strong> belegte sie den hervorragenden <strong>2. Platz<\/strong>.<\/p>\n<p>&nbsp;<\/p>\n<p><a href=\"http:\/\/www.adeg-pleschberger.at\/2015\/wp-content\/uploads\/2016\/06\/zirben-4-1.png\"><img loading=\"lazy\" decoding=\"async\" class=\"aligncenter wp-image-802\" src=\"http:\/\/www.adeg-pleschberger.at\/2015\/wp-content\/uploads\/2016\/06\/zirben-4-1.png\" alt=\"zirben 4 1\" width=\"500\" height=\"500\" srcset=\"https:\/\/www.adeg-pleschberger.at\/2015\/wp-content\/uploads\/2016\/06\/zirben-4-1.png 800w, https:\/\/www.adeg-pleschberger.at\/2015\/wp-content\/uploads\/2016\/06\/zirben-4-1-150x150.png 150w, https:\/\/www.adeg-pleschberger.at\/2015\/wp-content\/uploads\/2016\/06\/zirben-4-1-300x300.png 300w\" sizes=\"auto, (max-width: 500px) 100vw, 500px\" \/><\/a><\/p>\n","protected":false},"excerpt":{"rendered":"<p>Die Zirbe: K\u00f6nigin der Alpen Positive Auswirkungen auf Kreislauf, Schlafbefinden und vegetative Regulation \u2013 die bioaktiven Kr\u00e4fte der Zirbe werden schon seit Jahrhunderten gesch\u00e4tzt und genutzt. Ob als \u00e4therisches \u00d6l, regenerierende Creme oder wohlriechendes Duftkissen wird das regionale Zirbenholz zu hochwertigen Produkten verarbeitet. In unseren Filialen f\u00fchren wir eine breite Produktpalette an\u00a0Zirben-\u00d6l, -Cremen, -Duftkissen, -Sprays<br \/><a class=\"moretag\" href=\"https:\/\/www.adeg-pleschberger.at\/2015\/sortiment\/zirbenprodukte\/\">+ Mehr erfahren<\/a><\/p>\n","protected":false},"author":1,"featured_media":0,"parent":1039,"menu_order":0,"comment_status":"open","ping_status":"open","template":"page-fullwidth.php","meta":{"footnotes":""},"class_list":["post-1054","page","type-page","status-publish","hentry"],"_links":{"self":[{"href":"https:\/\/www.adeg-pleschberger.at\/2015\/wp-json\/wp\/v2\/pages\/1054","targetHints":{"allow":["GET"]}}],"collection":[{"href":"https:\/\/www.adeg-pleschberger.at\/2015\/wp-json\/wp\/v2\/pages"}],"about":[{"href":"https:\/\/www.adeg-pleschberger.at\/2015\/wp-json\/wp\/v2\/types\/page"}],"author":[{"embeddable":true,"href":"https:\/\/www.adeg-pleschberger.at\/2015\/wp-json\/wp\/v2\/users\/1"}],"replies":[{"embeddable":true,"href":"https:\/\/www.adeg-pleschberger.at\/2015\/wp-json\/wp\/v2\/comments?post=1054"}],"version-history":[{"count":4,"href":"https:\/\/www.adeg-pleschberger.at\/2015\/wp-json\/wp\/v2\/pages\/1054\/revisions"}],"predecessor-version":[{"id":1472,"href":"https:\/\/www.adeg-pleschberger.at\/2015\/wp-json\/wp\/v2\/pages\/1054\/revisions\/1472"}],"up":[{"embeddable":true,"href":"https:\/\/www.adeg-pleschberger.at\/2015\/wp-json\/wp\/v2\/pages\/1039"}],"wp:attachment":[{"href":"https:\/\/www.adeg-pleschberger.at\/2015\/wp-json\/wp\/v2\/media?parent=1054"}],"curies":[{"name":"wp","href":"https:\/\/api.w.org\/{rel}","templated":true}]}}